{"id":25,"date":"2020-03-27T13:36:01","date_gmt":"2020-03-27T12:36:01","guid":{"rendered":"http:\/\/www.poradcipce.cz\/?page_id=25"},"modified":"2020-04-03T15:11:33","modified_gmt":"2020-04-03T13:11:33","slug":"pracovnici","status":"publish","type":"page","link":"https:\/\/www.poradcipce.cz\/index.php\/pracovnici\/","title":{"rendered":"Pracovn\u00edci"},"content":{"rendered":"<h1>Organiza\u010dn\u00ed struktura a person\u00e1ln\u00ed zaji\u0161t\u011bn\u00ed<\/h1>\n<h2>Organiza\u010dn\u00ed struktura<\/h2>\n<p><strong>Jednatel spole\u010dnosti<\/strong><\/p>\n<ul>\n<li>sekretari\u00e1t<\/li>\n<li>poradenstv\u00ed pr\u00e1vn\u00ed, \u00fa\u010detn\u00ed a da\u0148ov\u00e9<\/li>\n<li>veden\u00ed \u00fa\u010detnictv\u00ed, personalistika a mzdy<\/li>\n<\/ul>\n<p><strong>Zastupov\u00e1n\u00ed:<\/strong>\u00a0ud\u011blena prokura<\/p>\n<h2>Person\u00e1ln\u00ed zaji\u0161t\u011bn\u00ed<\/h2>\n<p>Ve firm\u011b pracuj\u00ed kmenov\u00ed pracovn\u00edci ovl\u00e1daj\u00edc\u00ed veden\u00ed person\u00e1ln\u00ed a mzdov\u00e9 agendy, \u00fa\u010detnictv\u00ed, sestaven\u00ed da\u0148ov\u00fdch p\u0159izn\u00e1n\u00ed, poradenstv\u00ed \u00fa\u010detn\u00ed a da\u0148ov\u00e9.<\/p>\n<p>Dlouhodob\u011b s firmou spolupracuje 6 extern\u00edch da\u0148ov\u00fdch poradc\u016f a 2 pr\u00e1vn\u00ed kancel\u00e1\u0159e, kter\u00e9 \u0159e\u0161\u00ed slo\u017eit\u011bj\u0161\u00ed p\u0159\u00edpady anebo urgentn\u00ed zak\u00e1zky.<\/p>\n","protected":false},"excerpt":{"rendered":"<p>Organiza\u010dn\u00ed struktura a person\u00e1ln\u00ed zaji\u0161t\u011bn\u00ed Organiza\u010dn\u00ed struktura Jednatel spole\u010dnosti sekretari\u00e1t poradenstv\u00ed pr\u00e1vn\u00ed, \u00fa\u010detn\u00ed a da\u0148ov\u00e9 veden\u00ed \u00fa\u010detnictv\u00ed, personalistika a mzdy Zastupov\u00e1n\u00ed:\u00a0ud\u011blena prokura Person\u00e1ln\u00ed zaji\u0161t\u011bn\u00ed Ve firm\u011b pracuj\u00ed kmenov\u00ed pracovn\u00edci ovl\u00e1daj\u00edc\u00ed veden\u00ed person\u00e1ln\u00ed a mzdov\u00e9 agendy, \u00fa\u010detnictv\u00ed, sestaven\u00ed da\u0148ov\u00fdch p\u0159izn\u00e1n\u00ed, poradenstv\u00ed \u00fa\u010detn\u00ed a da\u0148ov\u00e9. Dlouhodob\u011b s firmou spolupracuje 6 extern\u00edch da\u0148ov\u00fdch poradc\u016f a 2 pr\u00e1vn\u00ed kancel\u00e1\u0159e, &#8230; <a title=\"Pracovn\u00edci\" class=\"read-more\" href=\"https:\/\/www.poradcipce.cz\/index.php\/pracovnici\/\">Read more<\/a><\/p>\n","protected":false},"author":1,"featured_media":0,"parent":0,"menu_order":4,"comment_status":"closed","ping_status":"closed","template":"","meta":{"footnotes":""},"class_list":["post-25","page","type-page","status-publish"],"_links":{"self":[{"href":"https:\/\/www.poradcipce.cz\/index.php\/wp-json\/wp\/v2\/pages\/25","targetHints":{"allow":["GET"]}}],"collection":[{"href":"https:\/\/www.poradcipce.cz\/index.php\/wp-json\/wp\/v2\/pages"}],"about":[{"href":"https:\/\/www.poradcipce.cz\/index.php\/wp-json\/wp\/v2\/types\/page"}],"author":[{"embeddable":true,"href":"https:\/\/www.poradcipce.cz\/index.php\/wp-json\/wp\/v2\/users\/1"}],"replies":[{"embeddable":true,"href":"https:\/\/www.poradcipce.cz\/index.php\/wp-json\/wp\/v2\/comments?post=25"}],"version-history":[{"count":1,"href":"https:\/\/www.poradcipce.cz\/index.php\/wp-json\/wp\/v2\/pages\/25\/revisions"}],"predecessor-version":[{"id":26,"href":"https:\/\/www.poradcipce.cz\/index.php\/wp-json\/wp\/v2\/pages\/25\/revisions\/26"}],"wp:attachment":[{"href":"https:\/\/www.poradcipce.cz\/index.php\/wp-json\/wp\/v2\/media?parent=25"}],"curies":[{"name":"wp","href":"https:\/\/api.w.org\/{rel}","templated":true}]}}